{"id":9536,"date":"2017-05-02T11:04:51","date_gmt":"2017-05-02T09:04:51","guid":{"rendered":"http:\/\/ascheffel.athletico-buedelsdorf.de\/?page_id=9536"},"modified":"2017-05-02T11:06:38","modified_gmt":"2017-05-02T09:06:38","slug":"rund-um-ascheffel-2017-presse-links-infos","status":"publish","type":"page","link":"https:\/\/rund-um-ascheffel.de\/?page_id=9536","title":{"rendered":"&#8222;Rund um Ascheffel 2017&#8220; &#8211; Presse, Links, Infos &#8230;"},"content":{"rendered":"<p>Pressebericht der LZ (Landeszeitung) vom 04.01.2017 \u2026 klick \u2026<\/p>\n<p><strong><a href=\"http:\/\/55111.forums.motigo.com\/messages_show\/607338-Giro-Nortorf-startet-nicht-mehr-Landeszeitung-vom-04012017\/lastpost\" target=\"_blank\" rel=\"noopener noreferrer\">\u201eGIRO Nortorf\u201c &lt;-&gt; \u201eRund um Ascheffel\u201c<\/a><\/strong><\/p>\n<p>&#8230; &#8230; &#8230;<\/p>\n<p><strong>\u201eMeisterschaften der Nordverb\u00e4nde\u201c<\/strong> im <strong>Stra\u00dfenrennen am Samstag, den 29.04.2017 in Ascheffel<\/strong>.<\/p>\n<p>Die Ausschreibung ist ver\u00f6ffentlicht -&gt; <strong><a href=\"https:\/\/www.rad-net.de\/modules.php?name=Ausschreibung&amp;ID_Veranstaltung=29040&amp;mode=ascr_detail\" target=\"_blank\" rel=\"noopener noreferrer\">KLICK<\/a><\/strong><\/p>\n<p>&#8230; &#8230; &#8230;<\/p>\n<p>Forum des Ausrichters SG Athletico B\u00fcdelsdorf -&gt; <span style=\"color: #000080;\"><strong><a style=\"color: #000080;\" href=\"http:\/\/55111.forums.motigo.com\/messages_show\/607621-Rund-um-Ascheffel-Samstag-den-29042017\/lastpost\" target=\"_blank\" rel=\"noopener noreferrer\">KLICK<\/a><\/strong><\/span><\/p>\n<p>&#8230; &#8230; &#8230;<\/p>\n<p><strong>Kommentare :<\/strong><\/p>\n<p>LIeber Manfred Bartsch! Danke daf\u00fcr, dass hier auch einmal die Hintergr\u00fcnde f\u00fcr das Sterben solcher Traditionsrennen n\u00e4her erkl\u00e4rt werden. Ich glaube, dass leider auch die aktiven Sportler zuviele Dinge f\u00fcr selbstverst\u00e4ndlich halten und sich dann wundern, wenn es nur noch f\u00fcr 50 Runden auf dem 1 km-Kurs im verlassenen Industriegebiet reicht. Deshalb vielen Dank an den Orga-Team, dass Ihr so lange durchgehalten habt und ich lasse mir nicht nehmen, extra aus Hessen zu Eurer tollen Veranstaltung in die alte Heimat zu kommen. Beste Gr\u00fc\u00dfe, Bj\u00f6rn (1)<\/p>\n<p>Lieber Holger, lieber Manfred,<br \/>\nich kann mich meinem (gleichnamigen) Sportskameraden nur anschlie\u00dfen: Rund um Ascheffel war und ist eine super Veranstaltung, mein sportliches Highlight des Jahres und gro\u00dfer Antrieb zum Training im Winter.<br \/>\nIch hatte jedes Jahr ein schlechtes Gewissen, f\u00fcr nur 20 Euro einfach den Spa\u00df abzugreifen und den Tag in vollen Z\u00fcgen zu genie\u00dfen.<br \/>\nLeider hat der Radsport eine zu geringe Lobby und ist auf Leute wie Euch angewiesen. Daher an dieser Stelle vielen Dank f\u00fcr Euren gro\u00dfartigen Einsatz!!! Bj\u00f6rn (2)<\/p>\n","protected":false},"excerpt":{"rendered":"<p>Pressebericht der LZ (Landeszeitung) vom 04.01.2017 \u2026 klick \u2026 \u201eGIRO Nortorf\u201c &lt;-&gt; \u201eRund um Ascheffel\u201c &#8230; &#8230; &#8230; \u201eMeisterschaften der Nordverb\u00e4nde\u201c im Stra\u00dfenrennen am Samstag, den 29.04.2017 in Ascheffel. Die Ausschreibung ist ver\u00f6ffentlicht -&gt;&#46;&#46;&#46;<\/p>\n","protected":false},"author":2,"featured_media":0,"parent":0,"menu_order":0,"comment_status":"closed","ping_status":"closed","template":"","meta":{"ngg_post_thumbnail":0},"_links":{"self":[{"href":"https:\/\/rund-um-ascheffel.de\/index.php?rest_route=\/wp\/v2\/pages\/9536"}],"collection":[{"href":"https:\/\/rund-um-ascheffel.de\/index.php?rest_route=\/wp\/v2\/pages"}],"about":[{"href":"https:\/\/rund-um-ascheffel.de\/index.php?rest_route=\/wp\/v2\/types\/page"}],"author":[{"embeddable":true,"href":"https:\/\/rund-um-ascheffel.de\/index.php?rest_route=\/wp\/v2\/users\/2"}],"replies":[{"embeddable":true,"href":"https:\/\/rund-um-ascheffel.de\/index.php?rest_route=%2Fwp%2Fv2%2Fcomments&post=9536"}],"version-history":[{"count":3,"href":"https:\/\/rund-um-ascheffel.de\/index.php?rest_route=\/wp\/v2\/pages\/9536\/revisions"}],"predecessor-version":[{"id":9539,"href":"https:\/\/rund-um-ascheffel.de\/index.php?rest_route=\/wp\/v2\/pages\/9536\/revisions\/9539"}],"wp:attachment":[{"href":"https:\/\/rund-um-ascheffel.de\/index.php?rest_route=%2Fwp%2Fv2%2Fmedia&parent=9536"}],"curies":[{"name":"wp","href":"https:\/\/api.w.org\/{rel}","templated":true}]}}